{"id":54,"date":"2018-12-01T19:03:33","date_gmt":"2018-12-01T18:03:33","guid":{"rendered":"https:\/\/www.kuestenwanderweg-marseille.de\/?page_id=54"},"modified":"2022-08-07T09:46:53","modified_gmt":"2022-08-07T07:46:53","slug":"page-daccueil","status":"publish","type":"page","link":"https:\/\/www.kuestenwanderweg-marseille.de\/fr\/","title":{"rendered":"Page d'accueil"},"content":{"rendered":"<div id=\"pl-54\"  class=\"panel-layout\" ><div id=\"pg-54-0\"  class=\"panel-grid panel-no-style\" ><div id=\"pgc-54-0-0\"  class=\"panel-grid-cell\" ><div id=\"panel-54-0-0-0\" class=\"so-panel widget widget_sow-features panel-first-child panel-last-child\" data-index=\"0\" ><div\n\t\t\t\n\t\t\tclass=\"so-widget-sow-features so-widget-sow-features-default-9014bc8a9e25-54\"\n\t\t\t\n\t\t><ul\n\tclass=\"sow-features-list\tsow-features-responsive\">\n\n\t\t\t<li\n\t\t\tclass=\"sow-features-feature sow-icon-container-position-top\"\n\t\t\tstyle=\"display: flex; flex-direction: column; width: calc(16.667% - 25px);\"\n\t\t>\n\t\t\t\n\t\t\t\t\t\t<a\t\t\t\tclass=\"sow-icon-container sow-container-round\"\n\t\t\t\tstyle=\"color: #bababa; \"\n\t\t\t\t\n\t\t\t\t\t\t\t\t\thref=\"https:\/\/www.kuestenwanderweg-marseille.de\/fr\/categorie-3\/points-forts\/\"\n\t\t\t\t\t\t\t\t>\n\t\t\t\t<span class=\"sow-icon-fontawesome sow-fas\" data-sow-icon=\"&#xf030;\"\n\t\tstyle=\"font-size: 24px; color: #757575\" \n\t\taria-hidden=\"true\"><\/span>\t\t\t<\/a>\n\n\t\t\t<div class=\"textwidget\">\n\t\t\t\t\n\t\t\t\t\t\t\t\t\t<h5 class=\"sow-features-feature-title\">\n\t\t\t\t\t\t\t\t\t\t\t\t\t<a\n\t\t\t\t\t\t\t\thref=\"https:\/\/www.kuestenwanderweg-marseille.de\/fr\/categorie-3\/points-forts\/\"\n\t\t\t\t\t\t\t\t\t\t\t\t\t\t\t>\n\t\t\t\t\t\t\tPoints forts\t\t\t\t\t\t\t<\/a>\n\t\t\t\t\t\t\t\t\t\t\t\t<\/h5>\n\t\t\t\t\n\t\t\t\t\t\t\t<\/div>\n\t\t\t\t\t\t\t\t<\/li>\n\n\t\t\t<li\n\t\t\tclass=\"sow-features-feature sow-icon-container-position-top\"\n\t\t\tstyle=\"display: flex; flex-direction: column; width: calc(16.667% - 25px);\"\n\t\t>\n\t\t\t\n\t\t\t\t\t\t<a\t\t\t\tclass=\"sow-icon-container sow-container-round\"\n\t\t\t\tstyle=\"color: #bababa; \"\n\t\t\t\t\n\t\t\t\t\t\t\t\t\thref=\"https:\/\/www.kuestenwanderweg-marseille.de\/fr\/categorie-3\/etapes\/\"\n\t\t\t\t\t\t\t\t>\n\t\t\t\t<span class=\"sow-icon-fontawesome sow-fas\" data-sow-icon=\"&#xf00b;\"\n\t\tstyle=\"font-size: 24px; color: #757575\" \n\t\taria-hidden=\"true\"><\/span>\t\t\t<\/a>\n\n\t\t\t<div class=\"textwidget\">\n\t\t\t\t\n\t\t\t\t\t\t\t\t\t<h5 class=\"sow-features-feature-title\">\n\t\t\t\t\t\t\t\t\t\t\t\t\t<a\n\t\t\t\t\t\t\t\thref=\"https:\/\/www.kuestenwanderweg-marseille.de\/fr\/categorie-3\/etapes\/\"\n\t\t\t\t\t\t\t\t\t\t\t\t\t\t\t>\n\t\t\t\t\t\t\t\u00c9tapes\t\t\t\t\t\t\t<\/a>\n\t\t\t\t\t\t\t\t\t\t\t\t<\/h5>\n\t\t\t\t\n\t\t\t\t\t\t\t<\/div>\n\t\t\t\t\t\t\t\t<\/li>\n\n\t\t\t<li\n\t\t\tclass=\"sow-features-feature sow-icon-container-position-top\"\n\t\t\tstyle=\"display: flex; flex-direction: column; width: calc(16.667% - 25px);\"\n\t\t>\n\t\t\t\n\t\t\t\t\t\t<a\t\t\t\tclass=\"sow-icon-container sow-container-round\"\n\t\t\t\tstyle=\"color: #bababa; \"\n\t\t\t\t\n\t\t\t\t\t\t\t\t\thref=\"https:\/\/www.kuestenwanderweg-marseille.de\/fr\/categorie-3\/a-savoir\/\"\n\t\t\t\t\t\t\t\t>\n\t\t\t\t<span class=\"sow-icon-fontawesome sow-fas\" data-sow-icon=\"&#xf02d;\"\n\t\tstyle=\"font-size: 24px; color: #757575\" \n\t\taria-hidden=\"true\"><\/span>\t\t\t<\/a>\n\n\t\t\t<div class=\"textwidget\">\n\t\t\t\t\n\t\t\t\t\t\t\t\t\t<h5 class=\"sow-features-feature-title\">\n\t\t\t\t\t\t\t\t\t\t\t\t\t<a\n\t\t\t\t\t\t\t\thref=\"https:\/\/www.kuestenwanderweg-marseille.de\/fr\/categorie-3\/a-savoir\/\"\n\t\t\t\t\t\t\t\t\t\t\t\t\t\t\t>\n\t\t\t\t\t\t\tCe qu'il faut savoir\t\t\t\t\t\t\t<\/a>\n\t\t\t\t\t\t\t\t\t\t\t\t<\/h5>\n\t\t\t\t\n\t\t\t\t\t\t\t<\/div>\n\t\t\t\t\t\t\t\t<\/li>\n\n\t\t\t<li\n\t\t\tclass=\"sow-features-feature sow-icon-container-position-top\"\n\t\t\tstyle=\"display: flex; flex-direction: column; width: calc(16.667% - 25px);\"\n\t\t>\n\t\t\t\n\t\t\t\t\t\t<a\t\t\t\tclass=\"sow-icon-container sow-container-round\"\n\t\t\t\tstyle=\"color: #bababa; \"\n\t\t\t\t\n\t\t\t\t\t\t\t\t\thref=\"https:\/\/www.kuestenwanderweg-marseille.de\/fr\/telechargements-de-cartes\/\"\n\t\t\t\t\t\t\t\t>\n\t\t\t\t<span class=\"sow-icon-fontawesome sow-fas\" data-sow-icon=\"&#xf14e;\"\n\t\tstyle=\"font-size: 24px; color: #757575\" \n\t\taria-hidden=\"true\"><\/span>\t\t\t<\/a>\n\n\t\t\t<div class=\"textwidget\">\n\t\t\t\t\n\t\t\t\t\t\t\t\t\t<h5 class=\"sow-features-feature-title\">\n\t\t\t\t\t\t\t\t\t\t\t\t\t<a\n\t\t\t\t\t\t\t\thref=\"https:\/\/www.kuestenwanderweg-marseille.de\/fr\/telechargements-de-cartes\/\"\n\t\t\t\t\t\t\t\t\t\t\t\t\t\t\t>\n\t\t\t\t\t\t\tCartes\t\t\t\t\t\t\t<\/a>\n\t\t\t\t\t\t\t\t\t\t\t\t<\/h5>\n\t\t\t\t\n\t\t\t\t\t\t\t<\/div>\n\t\t\t\t\t\t\t\t<\/li>\n\n\t\t\t<li\n\t\t\tclass=\"sow-features-feature sow-icon-container-position-top\"\n\t\t\tstyle=\"display: flex; flex-direction: column; width: calc(16.667% - 25px);\"\n\t\t>\n\t\t\t\n\t\t\t\t\t\t<a\t\t\t\tclass=\"sow-icon-container sow-container-round\"\n\t\t\t\tstyle=\"color: #bababa; \"\n\t\t\t\t\n\t\t\t\t\t\t\t\t\thref=\"https:\/\/www.kuestenwanderweg-marseille.de\/fr\/categorie-3\/logements\/\"\n\t\t\t\t\t\t\t\t>\n\t\t\t\t<span class=\"sow-icon-fontawesome sow-fas\" data-sow-icon=\"&#xf236;\"\n\t\tstyle=\"font-size: 24px; color: #757575\" \n\t\taria-hidden=\"true\"><\/span>\t\t\t<\/a>\n\n\t\t\t<div class=\"textwidget\">\n\t\t\t\t\n\t\t\t\t\t\t\t\t\t<h5 class=\"sow-features-feature-title\">\n\t\t\t\t\t\t\t\t\t\t\t\t\t<a\n\t\t\t\t\t\t\t\thref=\"https:\/\/www.kuestenwanderweg-marseille.de\/fr\/categorie-3\/logements\/\"\n\t\t\t\t\t\t\t\t\t\t\t\t\t\t\t>\n\t\t\t\t\t\t\tH\u00e9bergements\t\t\t\t\t\t\t<\/a>\n\t\t\t\t\t\t\t\t\t\t\t\t<\/h5>\n\t\t\t\t\n\t\t\t\t\t\t\t<\/div>\n\t\t\t\t\t\t\t\t<\/li>\n\n\t\t\t<li\n\t\t\tclass=\"sow-features-feature sow-icon-container-position-top\"\n\t\t\tstyle=\"display: flex; flex-direction: column; width: calc(16.667% - 25px);\"\n\t\t>\n\t\t\t\n\t\t\t\t\t\t<a\t\t\t\tclass=\"sow-icon-container sow-container-round\"\n\t\t\t\tstyle=\"color: #bababa; \"\n\t\t\t\t\n\t\t\t\t\t\t\t\t\thref=\"https:\/\/www.kuestenwanderweg-marseille.de\/fr\/categorie-3\/arrivee-depart\/\"\n\t\t\t\t\t\t\t\t>\n\t\t\t\t<span class=\"sow-icon-ionicons\" data-sow-icon=\"&#xf3b4;\"\n\t\tstyle=\"font-size: 24px; color: #757575\" \n\t\taria-hidden=\"true\"><\/span>\t\t\t<\/a>\n\n\t\t\t<div class=\"textwidget\">\n\t\t\t\t\n\t\t\t\t\t\t\t\t\t<h5 class=\"sow-features-feature-title\">\n\t\t\t\t\t\t\t\t\t\t\t\t\t<a\n\t\t\t\t\t\t\t\thref=\"https:\/\/www.kuestenwanderweg-marseille.de\/fr\/categorie-3\/arrivee-depart\/\"\n\t\t\t\t\t\t\t\t\t\t\t\t\t\t\t>\n\t\t\t\t\t\t\tArriv\u00e9e\t\t\t\t\t\t\t<\/a>\n\t\t\t\t\t\t\t\t\t\t\t\t<\/h5>\n\t\t\t\t\n\t\t\t\t\t\t\t<\/div>\n\t\t\t\t\t\t\t\t<\/li>\n\n\t<\/ul>\n<\/div><\/div><\/div><\/div><div id=\"pg-54-1\"  class=\"panel-grid panel-no-style\" ><div id=\"pgc-54-1-0\"  class=\"panel-grid-cell\" ><div id=\"panel-54-1-0-0\" class=\"so-panel widget widget_sow-editor panel-first-child panel-last-child\" data-index=\"1\" ><div\n\t\t\t\n\t\t\tclass=\"so-widget-sow-editor so-widget-sow-editor-base\"\n\t\t\t\n\t\t><h3 class=\"widget-title\">Par les falaises et les fjords en cinq \u00e9tapes le long de la c\u00f4te sud de la France<\/h3>\n<div class=\"siteorigin-widget-tinymce textwidget\">\n\t<p>La c\u00f4te m\u00e9diterran\u00e9enne pr\u00e8s de Marseille est plus vari\u00e9e que l'on pourrait le penser et, en plus, elle est exceptionnellement spectaculaire : \u00e0 proximit\u00e9 directe des baies, des plages et des vignobles, elle abrite entre autres les plus hautes falaises de France. En les escaladant, on a une vue imprenable sur l'ensemble de la c\u00f4te. \u00c0 quelques kilom\u00e8tres des falaises commence d\u00e9j\u00e0 le \"Parc National des Calanques\". Le c\u0153ur de cette r\u00e9serve naturelle est le massif des Calanques, une montagne de calcaire abrupte avec des baies en forme de fjord (appel\u00e9es \"calanques\" en fran\u00e7ais) et de petits \u00eelots rocheux au large. Difficile de croire qu'il n'y a que quelques kilom\u00e8tres jusqu'au centre-ville de Marseille !<\/p>\n<p>La c\u00f4te marseillaise est donc une r\u00e9gion id\u00e9ale pour la randonn\u00e9e ! Nous en avons fait l'exp\u00e9rience \u00e0 l'automne 2018 lors d'une randonn\u00e9e en cinq \u00e9tapes. Nous avons suivi en grande partie le sentier de grande randonn\u00e9e fran\u00e7ais GR51, mais l'avons quelque peu modifi\u00e9 et compl\u00e9t\u00e9 par les deux sentiers c\u00f4tiers balis\u00e9s en jaune \"Sentier Littoral\" et \".<span class=\"has-data\" data-field=\"name\" data-db-type=\"text\">Sentier du Cap Canaille <\/span>combin\u00e9 : En effet, ce dernier, contrairement au GR51, passe par les falaises panoramiques du Cap Canaille, qu'il ne faut surtout pas manquer !<\/p>\n<\/div>\n<\/div><\/div><\/div><div id=\"pgc-54-1-1\"  class=\"panel-grid-cell\" ><div id=\"panel-54-1-1-0\" class=\"so-panel widget widget_sow-image panel-first-child panel-last-child\" data-index=\"2\" ><div\n\t\t\t\n\t\t\tclass=\"so-widget-sow-image so-widget-sow-image-default-8b5b6f678277-54\"\n\t\t\t\n\t\t>\n<div class=\"sow-image-container\">\n\t\t\t<a href=\"https:\/\/www.kuestenwanderweg-marseille.de\/wp-content\/uploads\/K\u00fcstenwanderweg-Marseille-Etappe-1-Auf-dem-Sentier-Littoral.jpg\"\n\t\t\t\t\t>\n\t\t\t<img \n\tsrc=\"https:\/\/www.kuestenwanderweg-marseille.de\/wp-content\/uploads\/K\u00fcstenwanderweg-Marseille-Etappe-1-Auf-dem-Sentier-Littoral.jpg\" width=\"1201\" height=\"675\" srcset=\"https:\/\/www.kuestenwanderweg-marseille.de\/wp-content\/uploads\/K\u00fcstenwanderweg-Marseille-Etappe-1-Auf-dem-Sentier-Littoral.jpg 1201w, https:\/\/www.kuestenwanderweg-marseille.de\/wp-content\/uploads\/K\u00fcstenwanderweg-Marseille-Etappe-1-Auf-dem-Sentier-Littoral-500x281.jpg 500w, https:\/\/www.kuestenwanderweg-marseille.de\/wp-content\/uploads\/K\u00fcstenwanderweg-Marseille-Etappe-1-Auf-dem-Sentier-Littoral-768x432.jpg 768w, https:\/\/www.kuestenwanderweg-marseille.de\/wp-content\/uploads\/K\u00fcstenwanderweg-Marseille-Etappe-1-Auf-dem-Sentier-Littoral-1200x675.jpg 1200w, https:\/\/www.kuestenwanderweg-marseille.de\/wp-content\/uploads\/K\u00fcstenwanderweg-Marseille-Etappe-1-Auf-dem-Sentier-Littoral-620x349.jpg 620w, https:\/\/www.kuestenwanderweg-marseille.de\/wp-content\/uploads\/K\u00fcstenwanderweg-Marseille-Etappe-1-Auf-dem-Sentier-Littoral-400x225.jpg 400w\" sizes=\"(max-width: 1201px) 100vw, 1201px\" title=\"Sentier c\u00f4tier Marseille - \u00c9tape 1 - Sur le Sentier Littoral\" alt=\"\" \t\tclass=\"so-widget-image\"\/>\n\t\t\t<\/a><\/div>\n\n<\/div><\/div><\/div><\/div><div id=\"pg-54-2\"  class=\"panel-grid panel-no-style\" ><div id=\"pgc-54-2-0\"  class=\"panel-grid-cell\" ><div id=\"panel-54-2-0-0\" class=\"so-panel widget widget_sow-image panel-first-child panel-last-child\" data-index=\"3\" ><div\n\t\t\t\n\t\t\tclass=\"so-widget-sow-image so-widget-sow-image-default-8b5b6f678277-54\"\n\t\t\t\n\t\t>\n<div class=\"sow-image-container\">\n\t\t\t<a href=\"https:\/\/www.kuestenwanderweg-marseille.de\/wp-content\/uploads\/K\u00fcstenwanderweg-Marseille-Etappe-4-Im-Parc-National-des-Calanques.jpg\"\n\t\t\t\t\t>\n\t\t\t<img \n\tsrc=\"https:\/\/www.kuestenwanderweg-marseille.de\/wp-content\/uploads\/K\u00fcstenwanderweg-Marseille-Etappe-4-Im-Parc-National-des-Calanques.jpg\" width=\"1200\" height=\"675\" srcset=\"https:\/\/www.kuestenwanderweg-marseille.de\/wp-content\/uploads\/K\u00fcstenwanderweg-Marseille-Etappe-4-Im-Parc-National-des-Calanques.jpg 1200w, https:\/\/www.kuestenwanderweg-marseille.de\/wp-content\/uploads\/K\u00fcstenwanderweg-Marseille-Etappe-4-Im-Parc-National-des-Calanques-500x281.jpg 500w, https:\/\/www.kuestenwanderweg-marseille.de\/wp-content\/uploads\/K\u00fcstenwanderweg-Marseille-Etappe-4-Im-Parc-National-des-Calanques-768x432.jpg 768w\" sizes=\"(max-width: 1200px) 100vw, 1200px\" title=\"Sentier c\u00f4tier de Marseille - Tron\u00e7on 4 - Dans le Parc National des Calanques\" alt=\"\" \t\tclass=\"so-widget-image\"\/>\n\t\t\t<\/a><\/div>\n\n<\/div><\/div><\/div><div id=\"pgc-54-2-1\"  class=\"panel-grid-cell\" ><div id=\"panel-54-2-1-0\" class=\"so-panel widget widget_sow-editor panel-first-child\" data-index=\"4\" ><div\n\t\t\t\n\t\t\tclass=\"so-widget-sow-editor so-widget-sow-editor-base\"\n\t\t\t\n\t\t><h3 class=\"widget-title\">Guide de randonn\u00e9e en ligne avec de nombreux conseils<\/h3>\n<div class=\"siteorigin-widget-tinymce textwidget\">\n\t<p>Nous aimons les vacances de randonn\u00e9e m\u00e9diterran\u00e9ennes avec beaucoup de d\u00e9nivel\u00e9, peu de bagages, beaucoup de vues et de beaux h\u00e9bergements ! Et comme \u00e0 chaque fois que nous avons trouv\u00e9 des itin\u00e9raires de randonn\u00e9e longue distance int\u00e9ressants, nous avons r\u00e9uni notre itin\u00e9raire et nos exp\u00e9riences sur notre propre site Internet. Vous trouverez ici un aper\u00e7u de nos recommandations de randonn\u00e9es : <a href=\"https:\/\/www.wanderndeluxe.de\/fernwanderwege\/\" target=\"_blank\" rel=\"noopener\">www.wanderndeluxe.de\/fernwanderwege\/<\/a>.<\/p>\n<p>Bonne randonn\u00e9e !<\/p>\n<p style=\"text-align: center;\"><strong>Frank &amp; Christiane<\/strong><\/p>\n<\/div>\n<\/div><\/div><div id=\"panel-54-2-1-1\" class=\"so-panel widget widget_author_avatars panel-last-child\" data-index=\"5\" ><div class=\"author-list\"><div class=\"user user-1\" style=\"\"><span class=\"avatar\" title=\"\"><img alt='Avatar photo' src='https:\/\/www.kuestenwanderweg-marseille.de\/wp-content\/uploads\/Profil-Frank-2020-96x96.jpg' srcset='https:\/\/www.kuestenwanderweg-marseille.de\/wp-content\/uploads\/Profil-Frank-2020-96x96.jpg 2x' class='avatar avatar-96 photo' height='96' width='96' style=\"\"  \/><\/span><\/div><div class=\"user user-2\" style=\"\"><span class=\"avatar\" title=\"\"><img alt='Avatar photo' src='https:\/\/www.kuestenwanderweg-marseille.de\/wp-content\/uploads\/Avatar_Christiane_klein-96x96.jpg' srcset='https:\/\/www.kuestenwanderweg-marseille.de\/wp-content\/uploads\/Avatar_Christiane_klein-96x96.jpg 2x' class='avatar avatar-96 photo' height='96' width='96' style=\"\"  \/><\/span><\/div><\/div><\/div><\/div><\/div><\/div>","protected":false},"excerpt":{"rendered":"<p>Die Mittelmeerk\u00fcste bei Marseille ist abwechslungsreicher als man denken w\u00fcrde und dazu einzigartig spektakul\u00e4r: In direkter Nachbarschaft zu Buchten, Str\u00e4nden und Weinbergen sind hier unter anderem die h\u00f6chsten Klippen Frankreichs beheimatet. Wer diese erklimmt, hat einen hervorragenden Blick auf die gesamte K\u00fcstenlinie. Wenige Kilometer von den Klippen entfernt beginnt bereits der &#8222;Parc National des Calanques&#8220;. [&hellip;]<\/p>\n","protected":false},"author":1,"featured_media":0,"parent":0,"menu_order":0,"comment_status":"closed","ping_status":"closed","template":"home-panels.php","meta":{"footnotes":""},"class_list":["post-54","page","type-page","status-publish","hentry","post"],"_links":{"self":[{"href":"https:\/\/www.kuestenwanderweg-marseille.de\/fr\/wp-json\/wp\/v2\/pages\/54","targetHints":{"allow":["GET"]}}],"collection":[{"href":"https:\/\/www.kuestenwanderweg-marseille.de\/fr\/wp-json\/wp\/v2\/pages"}],"about":[{"href":"https:\/\/www.kuestenwanderweg-marseille.de\/fr\/wp-json\/wp\/v2\/types\/page"}],"author":[{"embeddable":true,"href":"https:\/\/www.kuestenwanderweg-marseille.de\/fr\/wp-json\/wp\/v2\/users\/1"}],"replies":[{"embeddable":true,"href":"https:\/\/www.kuestenwanderweg-marseille.de\/fr\/wp-json\/wp\/v2\/comments?post=54"}],"version-history":[{"count":13,"href":"https:\/\/www.kuestenwanderweg-marseille.de\/fr\/wp-json\/wp\/v2\/pages\/54\/revisions"}],"predecessor-version":[{"id":5355,"href":"https:\/\/www.kuestenwanderweg-marseille.de\/fr\/wp-json\/wp\/v2\/pages\/54\/revisions\/5355"}],"wp:attachment":[{"href":"https:\/\/www.kuestenwanderweg-marseille.de\/fr\/wp-json\/wp\/v2\/media?parent=54"}],"curies":[{"name":"wp","href":"https:\/\/api.w.org\/{rel}","templated":true}]}}